{"id":1074,"date":"2022-12-28T00:34:25","date_gmt":"2022-12-27T23:34:25","guid":{"rendered":"https:\/\/eficasablanca.org\/?page_id=1074"},"modified":"2025-10-17T16:37:54","modified_gmt":"2025-10-17T14:37:54","slug":"equipe","status":"publish","type":"page","link":"https:\/\/eficasablanca.org\/en\/efi-team\/","title":{"rendered":"The team"},"content":{"rendered":"<div data-elementor-type=\"wp-page\" data-elementor-id=\"1074\" class=\"elementor elementor-1074\" data-elementor-post-type=\"page\">\n\t\t\t\t\t\t<section class=\"elementor-section elementor-top-section elementor-element elementor-element-0b730ab elementor-section-height-min-height elementor-section-boxed elementor-section-height-default elementor-section-items-middle\" data-id=\"0b730ab\" data-element_type=\"section\" data-e-type=\"section\" data-settings=\"{&quot;background_background&quot;:&quot;classic&quot;}\">\n\t\t\t\t\t\t\t<div class=\"elementor-background-overlay\"><\/div>\n\t\t\t\t\t\t\t<div class=\"elementor-container elementor-column-gap-default\">\n\t\t\t\t\t<div class=\"elementor-column elementor-col-100 elementor-top-column elementor-element elementor-element-1d3e72a\" data-id=\"1d3e72a\" data-element_type=\"column\" data-e-type=\"column\">\n\t\t\t<div class=\"elementor-widget-wrap elementor-element-populated\">\n\t\t\t\t\t\t<div class=\"elementor-element elementor-element-eee6bc3 elementor-widget elementor-widget-text-editor\" data-id=\"eee6bc3\" data-element_type=\"widget\" data-e-type=\"widget\" data-widget_type=\"text-editor.default\">\n\t\t\t\t<div class=\"elementor-widget-container\">\n\t\t\t\t\t\t\t\t\t<p>The school<\/p>\t\t\t\t\t\t\t\t<\/div>\n\t\t\t\t<\/div>\n\t\t\t\t<div class=\"elementor-element elementor-element-a0ccd0f elementor-widget elementor-widget-heading\" data-id=\"a0ccd0f\" data-element_type=\"widget\" data-e-type=\"widget\" data-widget_type=\"heading.default\">\n\t\t\t\t<div class=\"elementor-widget-container\">\n\t\t\t\t\t<h1 class=\"elementor-heading-title elementor-size-default\">The team<\/h1>\t\t\t\t<\/div>\n\t\t\t\t<\/div>\n\t\t\t\t\t<\/div>\n\t\t<\/div>\n\t\t\t\t\t<\/div>\n\t\t<\/section>\n\t\t<div class=\"elementor-element elementor-element-d3c3061 e-flex e-con-boxed e-con e-parent\" data-id=\"d3c3061\" data-element_type=\"container\" data-e-type=\"container\" data-settings=\"{&quot;background_background&quot;:&quot;classic&quot;}\">\n\t\t\t\t\t<div class=\"e-con-inner\">\n\t\t<div class=\"elementor-element elementor-element-e9c5a03 e-con-full e-flex e-con e-child\" data-id=\"e9c5a03\" data-element_type=\"container\" data-e-type=\"container\">\n\t\t\t\t<div class=\"elementor-element elementor-element-46dc4cf elementor-widget elementor-widget-text-editor\" data-id=\"46dc4cf\" data-element_type=\"widget\" data-e-type=\"widget\" data-widget_type=\"text-editor.default\">\n\t\t\t\t<div class=\"elementor-widget-container\">\n\t\t\t\t\t\t\t\t\t<p><strong>EFI Casablanca was founded by education professionals who aspired to establish a French and international school of excellence in Morocco,<\/strong><\/p>\t\t\t\t\t\t\t\t<\/div>\n\t\t\t\t<\/div>\n\t\t\t\t<\/div>\n\t\t\t\t\t<\/div>\n\t\t\t\t<\/div>\n\t\t<div class=\"elementor-element elementor-element-7d198fa e-flex e-con-boxed e-con e-parent\" data-id=\"7d198fa\" data-element_type=\"container\" data-e-type=\"container\" data-settings=\"{&quot;background_background&quot;:&quot;classic&quot;}\">\n\t\t\t\t\t<div class=\"e-con-inner\">\n\t\t<div class=\"elementor-element elementor-element-fb32f33 e-flex e-con-boxed e-con e-child\" data-id=\"fb32f33\" data-element_type=\"container\" data-e-type=\"container\">\n\t\t\t\t\t<div class=\"e-con-inner\">\n\t\t<div class=\"elementor-element elementor-element-1864a8c e-flex e-con-boxed e-con e-child\" data-id=\"1864a8c\" data-element_type=\"container\" data-e-type=\"container\" data-settings=\"{&quot;background_background&quot;:&quot;classic&quot;}\">\n\t\t\t\t\t<div class=\"e-con-inner\">\n\t\t<div class=\"elementor-element elementor-element-120d56a e-con-full e-flex e-con e-child\" data-id=\"120d56a\" data-element_type=\"container\" data-e-type=\"container\">\n\t\t\t\t<div class=\"elementor-element elementor-element-7b4ab45 elementor-widget elementor-widget-image\" data-id=\"7b4ab45\" data-element_type=\"widget\" data-e-type=\"widget\" data-widget_type=\"image.default\">\n\t\t\t\t<div class=\"elementor-widget-container\">\n\t\t\t\t\t\t\t\t\t\t\t\t\t\t\t<img fetchpriority=\"high\" decoding=\"async\" width=\"768\" height=\"1024\" src=\"https:\/\/eficasablanca.org\/wp-content\/uploads\/2025\/09\/luc-chatel-768x1024.webp\" class=\"attachment-large size-large wp-image-11354\" alt=\"\" srcset=\"https:\/\/eficasablanca.org\/wp-content\/uploads\/2025\/09\/luc-chatel-768x1024.webp 768w, https:\/\/eficasablanca.org\/wp-content\/uploads\/2025\/09\/luc-chatel-225x300.webp 225w, https:\/\/eficasablanca.org\/wp-content\/uploads\/2025\/09\/luc-chatel-9x12.webp 9w, https:\/\/eficasablanca.org\/wp-content\/uploads\/2025\/09\/luc-chatel.webp 960w\" sizes=\"(max-width: 768px) 100vw, 768px\" \/>\t\t\t\t\t\t\t\t\t\t\t\t\t\t\t<\/div>\n\t\t\t\t<\/div>\n\t\t\t\t<\/div>\n\t\t<div class=\"elementor-element elementor-element-1c18e2f e-flex e-con-boxed e-con e-child\" data-id=\"1c18e2f\" data-element_type=\"container\" data-e-type=\"container\">\n\t\t\t\t\t<div class=\"e-con-inner\">\n\t\t\t\t<div class=\"elementor-element elementor-element-9ea879f elementor-widget elementor-widget-heading\" data-id=\"9ea879f\" data-element_type=\"widget\" data-e-type=\"widget\" data-widget_type=\"heading.default\">\n\t\t\t\t<div class=\"elementor-widget-container\">\n\t\t\t\t\t<h2 class=\"elementor-heading-title elementor-size-default\">Luc CHATEL \u2013 President<\/h2>\t\t\t\t<\/div>\n\t\t\t\t<\/div>\n\t\t\t\t<div class=\"elementor-element elementor-element-e4611ac elementor-widget elementor-widget-text-editor\" data-id=\"e4611ac\" data-element_type=\"widget\" data-e-type=\"widget\" data-widget_type=\"text-editor.default\">\n\t\t\t\t<div class=\"elementor-widget-container\">\n\t\t\t\t\t\t\t\t\t<p><span class=\"TextRun SCXP213725673 BCX8\" lang=\"FR-MA\" xml:lang=\"FR-MA\" data-usefontface=\"true\" data-contrast=\"none\"><span class=\"NormalTextRun SCXP213725673 BCX8\">Co-founder of the Odyssey Education network and President of EFI Casablanca. Former French Minister of <\/span><\/span><span class=\"TextRun SCXP213725673 BCX8\" lang=\"FR-MA\" xml:lang=\"FR-MA\" data-usefontface=\"true\" data-contrast=\"none\"><span class=\"NormalTextRun SCXP213725673 BCX8\">National Education, Member of Parliament, and President of the France-Morocco Friendship Group in the French National Assembly.<\/span><\/span><\/p>\t\t\t\t\t\t\t\t<\/div>\n\t\t\t\t<\/div>\n\t\t\t\t\t<\/div>\n\t\t\t\t<\/div>\n\t\t\t\t\t<\/div>\n\t\t\t\t<\/div>\n\t\t\t\t\t<\/div>\n\t\t\t\t<\/div>\n\t\t<div class=\"elementor-element elementor-element-2cc177d e-flex e-con-boxed e-con e-child\" data-id=\"2cc177d\" data-element_type=\"container\" data-e-type=\"container\" data-settings=\"{&quot;background_background&quot;:&quot;classic&quot;}\">\n\t\t\t\t\t<div class=\"e-con-inner\">\n\t\t<div class=\"elementor-element elementor-element-c079acd e-flex e-con-boxed e-con e-child\" data-id=\"c079acd\" data-element_type=\"container\" data-e-type=\"container\">\n\t\t\t\t\t<div class=\"e-con-inner\">\n\t\t<div class=\"elementor-element elementor-element-9fe5fd8 e-con-full e-flex e-con e-child\" data-id=\"9fe5fd8\" data-element_type=\"container\" data-e-type=\"container\">\n\t\t\t\t<div class=\"elementor-element elementor-element-dec94c9 elementor-widget elementor-widget-image\" data-id=\"dec94c9\" data-element_type=\"widget\" data-e-type=\"widget\" data-widget_type=\"image.default\">\n\t\t\t\t<div class=\"elementor-widget-container\">\n\t\t\t\t\t\t\t\t\t\t\t\t\t\t\t<img decoding=\"async\" width=\"768\" height=\"1024\" src=\"https:\/\/eficasablanca.org\/wp-content\/uploads\/2025\/09\/youness-768x1024.webp\" class=\"attachment-large size-large wp-image-11395\" alt=\"\" srcset=\"https:\/\/eficasablanca.org\/wp-content\/uploads\/2025\/09\/youness-768x1024.webp 768w, https:\/\/eficasablanca.org\/wp-content\/uploads\/2025\/09\/youness-225x300.webp 225w, https:\/\/eficasablanca.org\/wp-content\/uploads\/2025\/09\/youness-9x12.webp 9w, https:\/\/eficasablanca.org\/wp-content\/uploads\/2025\/09\/youness.webp 960w\" sizes=\"(max-width: 768px) 100vw, 768px\" \/>\t\t\t\t\t\t\t\t\t\t\t\t\t\t\t<\/div>\n\t\t\t\t<\/div>\n\t\t\t\t<\/div>\n\t\t<div class=\"elementor-element elementor-element-057f403 e-flex e-con-boxed e-con e-child\" data-id=\"057f403\" data-element_type=\"container\" data-e-type=\"container\">\n\t\t\t\t\t<div class=\"e-con-inner\">\n\t\t\t\t<div class=\"elementor-element elementor-element-2f5321e elementor-widget elementor-widget-heading\" data-id=\"2f5321e\" data-element_type=\"widget\" data-e-type=\"widget\" data-widget_type=\"heading.default\">\n\t\t\t\t<div class=\"elementor-widget-container\">\n\t\t\t\t\t<h2 class=\"elementor-heading-title elementor-size-default\">Younes SLAOUI \u2013 General Director<\/h2>\t\t\t\t<\/div>\n\t\t\t\t<\/div>\n\t\t\t\t<div class=\"elementor-element elementor-element-e33f8f9 elementor-widget elementor-widget-text-editor\" data-id=\"e33f8f9\" data-element_type=\"widget\" data-e-type=\"widget\" data-widget_type=\"text-editor.default\">\n\t\t\t\t<div class=\"elementor-widget-container\">\n\t\t\t\t\t\t\t\t\t<p><span class=\"TextRun SCXP104464765 BCX8\" lang=\"FR-MA\" xml:lang=\"FR-MA\" data-usefontface=\"true\" data-contrast=\"none\"><span class=\"NormalTextRun SCXP104464765 BCX8\">Co-founder of Odyssey Education and General Director of EFI Casablanca. Former strategy consultant and expert in educational management. <\/span><\/span><span class=\"TextRun SCXP104464765 BCX8\" lang=\"FR-MA\" xml:lang=\"FR-MA\" data-usefontface=\"true\" data-contrast=\"none\"><span class=\"NormalTextRun SCXP104464765 BCX8\">He chaired the international alumni association of ENA and INSP, from which he graduated.<\/span><\/span><span class=\"EOP SCXP104464765 BCX8\">\u200b<\/span><\/p>\t\t\t\t\t\t\t\t<\/div>\n\t\t\t\t<\/div>\n\t\t\t\t\t<\/div>\n\t\t\t\t<\/div>\n\t\t\t\t\t<\/div>\n\t\t\t\t<\/div>\n\t\t\t\t\t<\/div>\n\t\t\t\t<\/div>\n\t\t\t\t\t<\/div>\n\t\t\t\t<\/div>\n\t\t<div class=\"elementor-element elementor-element-31ffe19 e-flex e-con-boxed e-con e-parent\" data-id=\"31ffe19\" data-element_type=\"container\" data-e-type=\"container\" data-settings=\"{&quot;background_background&quot;:&quot;classic&quot;}\">\n\t\t\t\t\t<div class=\"e-con-inner\">\n\t\t<div class=\"elementor-element elementor-element-7802649 e-con-full e-flex e-con e-child\" data-id=\"7802649\" data-element_type=\"container\" data-e-type=\"container\">\n\t\t\t\t<div class=\"elementor-element elementor-element-d69fed3 elementor-widget elementor-widget-text-editor\" data-id=\"d69fed3\" data-element_type=\"widget\" data-e-type=\"widget\" data-widget_type=\"text-editor.default\">\n\t\t\t\t<div class=\"elementor-widget-container\">\n\t\t\t\t\t\t\t\t\t<p><strong><span class=\"TextRun SCXP108269136 BCX8\" lang=\"FR-MA\" xml:lang=\"FR-MA\" data-usefontface=\"true\" data-contrast=\"none\"><span class=\"NormalTextRun SCXP108269136 BCX8\">\u00a0<\/span><\/span><span class=\"TextRun SCXP108269136 BCX8\" lang=\"FR-MA\" xml:lang=\"FR-MA\" data-usefontface=\"true\" data-contrast=\"none\"><span class=\"NormalTextRun SCXP108269136 BCX8\">EFI relies on a qualified, multicultural, and committed educational team focused on student success.<\/span><\/span><\/strong><span class=\"EOP SCXP108269136 BCX8\">\u200b<\/span><\/p>\t\t\t\t\t\t\t\t<\/div>\n\t\t\t\t<\/div>\n\t\t\t\t<\/div>\n\t\t\t\t\t<\/div>\n\t\t\t\t<\/div>\n\t\t<div class=\"elementor-element elementor-element-f548698 e-flex e-con-boxed e-con e-parent\" data-id=\"f548698\" data-element_type=\"container\" data-e-type=\"container\" data-settings=\"{&quot;background_background&quot;:&quot;classic&quot;}\">\n\t\t\t\t\t<div class=\"e-con-inner\">\n\t\t<div class=\"elementor-element elementor-element-b8db8b1 e-flex e-con-boxed e-con e-child\" data-id=\"b8db8b1\" data-element_type=\"container\" data-e-type=\"container\">\n\t\t\t\t\t<div class=\"e-con-inner\">\n\t\t<div class=\"elementor-element elementor-element-1e8ca8a e-flex e-con-boxed e-con e-child\" data-id=\"1e8ca8a\" data-element_type=\"container\" data-e-type=\"container\" data-settings=\"{&quot;background_background&quot;:&quot;classic&quot;}\">\n\t\t\t\t\t<div class=\"e-con-inner\">\n\t\t<div class=\"elementor-element elementor-element-57a91fe e-con-full e-flex e-con e-child\" data-id=\"57a91fe\" data-element_type=\"container\" data-e-type=\"container\">\n\t\t\t\t<div class=\"elementor-element elementor-element-d835832 elementor-widget elementor-widget-image\" data-id=\"d835832\" data-element_type=\"widget\" data-e-type=\"widget\" data-widget_type=\"image.default\">\n\t\t\t\t<div class=\"elementor-widget-container\">\n\t\t\t\t\t\t\t\t\t\t\t\t\t\t\t<img decoding=\"async\" width=\"768\" height=\"1024\" src=\"https:\/\/eficasablanca.org\/wp-content\/uploads\/2025\/09\/WhatsApp-Image-2025-09-09-at-09.20.36-768x1024.jpeg\" class=\"attachment-large size-large wp-image-11323\" alt=\"\" srcset=\"https:\/\/eficasablanca.org\/wp-content\/uploads\/2025\/09\/WhatsApp-Image-2025-09-09-at-09.20.36-768x1024.jpeg 768w, https:\/\/eficasablanca.org\/wp-content\/uploads\/2025\/09\/WhatsApp-Image-2025-09-09-at-09.20.36-225x300.jpeg 225w, https:\/\/eficasablanca.org\/wp-content\/uploads\/2025\/09\/WhatsApp-Image-2025-09-09-at-09.20.36-9x12.jpeg 9w, https:\/\/eficasablanca.org\/wp-content\/uploads\/2025\/09\/WhatsApp-Image-2025-09-09-at-09.20.36.jpeg 960w\" sizes=\"(max-width: 768px) 100vw, 768px\" \/>\t\t\t\t\t\t\t\t\t\t\t\t\t\t\t<\/div>\n\t\t\t\t<\/div>\n\t\t\t\t<\/div>\n\t\t<div class=\"elementor-element elementor-element-daf89aa e-flex e-con-boxed e-con e-child\" data-id=\"daf89aa\" data-element_type=\"container\" data-e-type=\"container\">\n\t\t\t\t\t<div class=\"e-con-inner\">\n\t\t\t\t<div class=\"elementor-element elementor-element-668b6cc elementor-widget elementor-widget-heading\" data-id=\"668b6cc\" data-element_type=\"widget\" data-e-type=\"widget\" data-widget_type=\"heading.default\">\n\t\t\t\t<div class=\"elementor-widget-container\">\n\t\t\t\t\t<h2 class=\"elementor-heading-title elementor-size-default\">Rapha\u00ebl SPIRA \u2013 Head of School<\/h2>\t\t\t\t<\/div>\n\t\t\t\t<\/div>\n\t\t\t\t<div class=\"elementor-element elementor-element-d62160d elementor-widget elementor-widget-text-editor\" data-id=\"d62160d\" data-element_type=\"widget\" data-e-type=\"widget\" data-widget_type=\"text-editor.default\">\n\t\t\t\t<div class=\"elementor-widget-container\">\n\t\t\t\t\t\t\t\t\t<p>Agr\u00e9g\u00e9 in Physical Sciences and Computer Engineer. Taught for 15 years in Paris, then held leadership roles including Deputy Principal at Andr\u00e9 Malraux Middle School, Deputy Principal at Paul Val\u00e9ry High School, and Deputy Principal for upper secondary at Henri IV High School in Paris.<\/p>\t\t\t\t\t\t\t\t<\/div>\n\t\t\t\t<\/div>\n\t\t\t\t\t<\/div>\n\t\t\t\t<\/div>\n\t\t\t\t\t<\/div>\n\t\t\t\t<\/div>\n\t\t<div class=\"elementor-element elementor-element-4102c34 e-flex e-con-boxed e-con e-child\" data-id=\"4102c34\" data-element_type=\"container\" data-e-type=\"container\" data-settings=\"{&quot;background_background&quot;:&quot;classic&quot;}\">\n\t\t\t\t\t<div class=\"e-con-inner\">\n\t\t<div class=\"elementor-element elementor-element-1acc9a7 e-con-full e-flex e-con e-child\" data-id=\"1acc9a7\" data-element_type=\"container\" data-e-type=\"container\">\n\t\t\t\t<div class=\"elementor-element elementor-element-e7afee2 elementor-widget elementor-widget-image\" data-id=\"e7afee2\" data-element_type=\"widget\" data-e-type=\"widget\" data-widget_type=\"image.default\">\n\t\t\t\t<div class=\"elementor-widget-container\">\n\t\t\t\t\t\t\t\t\t\t\t\t\t\t\t<img loading=\"lazy\" decoding=\"async\" width=\"768\" height=\"1024\" src=\"https:\/\/eficasablanca.org\/wp-content\/uploads\/2025\/09\/alexandra-768x1024.webp\" class=\"attachment-large size-large wp-image-11580\" alt=\"\" srcset=\"https:\/\/eficasablanca.org\/wp-content\/uploads\/2025\/09\/alexandra-768x1024.webp 768w, https:\/\/eficasablanca.org\/wp-content\/uploads\/2025\/09\/alexandra-225x300.webp 225w, https:\/\/eficasablanca.org\/wp-content\/uploads\/2025\/09\/alexandra-9x12.webp 9w, https:\/\/eficasablanca.org\/wp-content\/uploads\/2025\/09\/alexandra.webp 960w\" sizes=\"(max-width: 768px) 100vw, 768px\" \/>\t\t\t\t\t\t\t\t\t\t\t\t\t\t\t<\/div>\n\t\t\t\t<\/div>\n\t\t\t\t<\/div>\n\t\t<div class=\"elementor-element elementor-element-e7ebff4 e-flex e-con-boxed e-con e-child\" data-id=\"e7ebff4\" data-element_type=\"container\" data-e-type=\"container\">\n\t\t\t\t\t<div class=\"e-con-inner\">\n\t\t\t\t<div class=\"elementor-element elementor-element-8655867 elementor-widget elementor-widget-heading\" data-id=\"8655867\" data-element_type=\"widget\" data-e-type=\"widget\" data-widget_type=\"heading.default\">\n\t\t\t\t<div class=\"elementor-widget-container\">\n\t\t\t\t\t<h2 class=\"elementor-heading-title elementor-size-default\"> Alexandra MERE ROUCO \u2013 Deputy Principal, High School<\/h2>\t\t\t\t<\/div>\n\t\t\t\t<\/div>\n\t\t\t\t<div class=\"elementor-element elementor-element-4b5b6a5 elementor-widget elementor-widget-text-editor\" data-id=\"4b5b6a5\" data-element_type=\"widget\" data-e-type=\"widget\" data-widget_type=\"text-editor.default\">\n\t\t\t\t<div class=\"elementor-widget-container\">\n\t\t\t\t\t\t\t\t\t<p><span class=\"TextRun SCXP100972402 BCX8\" lang=\"FR-MA\" xml:lang=\"FR-MA\" data-usefontface=\"true\" data-contrast=\"none\"><span class=\"NormalTextRun SCXP100972402 BCX8\">After 15 years in the Versailles academy, she taught and served as Deputy Principal.\u00a0<\/span><\/span><span class=\"TextRun SCXP100972402 BCX8\" lang=\"FR-MA\" xml:lang=\"FR-MA\" data-usefontface=\"true\" data-contrast=\"none\"><span class=\"NormalTextRun SCXP100972402 BCX8\">Continued her career at the French High School in Mexico and Jacques Chirac School Group in Rabat.<\/span><\/span><span class=\"EOP SCXP100972402 BCX8\">\u200b<\/span><\/p>\t\t\t\t\t\t\t\t<\/div>\n\t\t\t\t<\/div>\n\t\t\t\t\t<\/div>\n\t\t\t\t<\/div>\n\t\t\t\t\t<\/div>\n\t\t\t\t<\/div>\n\t\t\t\t\t<\/div>\n\t\t\t\t<\/div>\n\t\t\t\t\t<\/div>\n\t\t\t\t<\/div>\n\t\t<div class=\"elementor-element elementor-element-dfdfcb5 e-flex e-con-boxed e-con e-parent\" data-id=\"dfdfcb5\" data-element_type=\"container\" data-e-type=\"container\" data-settings=\"{&quot;background_background&quot;:&quot;classic&quot;}\">\n\t\t\t\t\t<div class=\"e-con-inner\">\n\t\t<div class=\"elementor-element elementor-element-fc210dd e-flex e-con-boxed e-con e-child\" data-id=\"fc210dd\" data-element_type=\"container\" data-e-type=\"container\">\n\t\t\t\t\t<div class=\"e-con-inner\">\n\t\t<div class=\"elementor-element elementor-element-9936ab7 e-flex e-con-boxed e-con e-child\" data-id=\"9936ab7\" data-element_type=\"container\" data-e-type=\"container\" data-settings=\"{&quot;background_background&quot;:&quot;classic&quot;}\">\n\t\t\t\t\t<div class=\"e-con-inner\">\n\t\t<div class=\"elementor-element elementor-element-9ca21df e-con-full e-flex e-con e-child\" data-id=\"9ca21df\" data-element_type=\"container\" data-e-type=\"container\">\n\t\t\t\t<div class=\"elementor-element elementor-element-9bc1871 elementor-widget__width-initial elementor-widget elementor-widget-image\" data-id=\"9bc1871\" data-element_type=\"widget\" data-e-type=\"widget\" data-widget_type=\"image.default\">\n\t\t\t\t<div class=\"elementor-widget-container\">\n\t\t\t\t\t\t\t\t\t\t\t\t\t\t\t<img loading=\"lazy\" decoding=\"async\" width=\"768\" height=\"1024\" src=\"https:\/\/eficasablanca.org\/wp-content\/uploads\/2025\/09\/Rebecca-768x1024.webp\" class=\"attachment-large size-large wp-image-11350\" alt=\"\" srcset=\"https:\/\/eficasablanca.org\/wp-content\/uploads\/2025\/09\/Rebecca-768x1024.webp 768w, https:\/\/eficasablanca.org\/wp-content\/uploads\/2025\/09\/Rebecca-225x300.webp 225w, https:\/\/eficasablanca.org\/wp-content\/uploads\/2025\/09\/Rebecca-9x12.webp 9w, https:\/\/eficasablanca.org\/wp-content\/uploads\/2025\/09\/Rebecca.webp 960w\" sizes=\"(max-width: 768px) 100vw, 768px\" \/>\t\t\t\t\t\t\t\t\t\t\t\t\t\t\t<\/div>\n\t\t\t\t<\/div>\n\t\t\t\t<\/div>\n\t\t<div class=\"elementor-element elementor-element-4699b54 e-flex e-con-boxed e-con e-child\" data-id=\"4699b54\" data-element_type=\"container\" data-e-type=\"container\">\n\t\t\t\t\t<div class=\"e-con-inner\">\n\t\t\t\t<div class=\"elementor-element elementor-element-c62447f elementor-widget elementor-widget-heading\" data-id=\"c62447f\" data-element_type=\"widget\" data-e-type=\"widget\" data-widget_type=\"heading.default\">\n\t\t\t\t<div class=\"elementor-widget-container\">\n\t\t\t\t\t<h2 class=\"elementor-heading-title elementor-size-default\"> R\u00e9becca MERELLE \u2013 Deputy Principal, Middle School<\/h2>\t\t\t\t<\/div>\n\t\t\t\t<\/div>\n\t\t\t\t<div class=\"elementor-element elementor-element-51817ba elementor-widget elementor-widget-text-editor\" data-id=\"51817ba\" data-element_type=\"widget\" data-e-type=\"widget\" data-widget_type=\"text-editor.default\">\n\t\t\t\t<div class=\"elementor-widget-container\">\n\t\t\t\t\t\t\t\t\t<p><span class=\"TextRun SCXP19240447 BCX8\" lang=\"FR-MA\" xml:lang=\"FR-MA\" data-usefontface=\"true\" data-contrast=\"none\"><span class=\"NormalTextRun SCXP19240447 BCX8\">Teacher of Modern Literature at EFI since 2018. Previously coordinator of Modern Literature, PRIO, <\/span><\/span><span class=\"TextRun SCXP19240447 BCX8\" lang=\"FR-MA\" xml:lang=\"FR-MA\" data-usefontface=\"true\" data-contrast=\"none\"><span class=\"NormalTextRun SCXP19240447 BCX8\">then Deputy Director for the High School, and now Deputy Principal for the Middle School as of 2025.<\/span><\/span><span class=\"EOP SCXP19240447 BCX8\">\u200b<\/span><\/p>\t\t\t\t\t\t\t\t<\/div>\n\t\t\t\t<\/div>\n\t\t\t\t\t<\/div>\n\t\t\t\t<\/div>\n\t\t\t\t\t<\/div>\n\t\t\t\t<\/div>\n\t\t<div class=\"elementor-element elementor-element-69ec41f e-flex e-con-boxed e-con e-child\" data-id=\"69ec41f\" data-element_type=\"container\" data-e-type=\"container\" data-settings=\"{&quot;background_background&quot;:&quot;classic&quot;}\">\n\t\t\t\t\t<div class=\"e-con-inner\">\n\t\t<div class=\"elementor-element elementor-element-d6c50dd e-con-full e-flex e-con e-child\" data-id=\"d6c50dd\" data-element_type=\"container\" data-e-type=\"container\">\n\t\t\t\t<div class=\"elementor-element elementor-element-ab4d2a9 elementor-widget elementor-widget-image\" data-id=\"ab4d2a9\" data-element_type=\"widget\" data-e-type=\"widget\" data-widget_type=\"image.default\">\n\t\t\t\t<div class=\"elementor-widget-container\">\n\t\t\t\t\t\t\t\t\t\t\t\t\t\t\t<img loading=\"lazy\" decoding=\"async\" width=\"768\" height=\"1024\" src=\"https:\/\/eficasablanca.org\/wp-content\/uploads\/2025\/09\/peggy-768x1024.webp\" class=\"attachment-large size-large wp-image-11394\" alt=\"\" srcset=\"https:\/\/eficasablanca.org\/wp-content\/uploads\/2025\/09\/peggy-768x1024.webp 768w, https:\/\/eficasablanca.org\/wp-content\/uploads\/2025\/09\/peggy-225x300.webp 225w, https:\/\/eficasablanca.org\/wp-content\/uploads\/2025\/09\/peggy-9x12.webp 9w, https:\/\/eficasablanca.org\/wp-content\/uploads\/2025\/09\/peggy.webp 960w\" sizes=\"(max-width: 768px) 100vw, 768px\" \/>\t\t\t\t\t\t\t\t\t\t\t\t\t\t\t<\/div>\n\t\t\t\t<\/div>\n\t\t\t\t<\/div>\n\t\t<div class=\"elementor-element elementor-element-84e88c1 e-flex e-con-boxed e-con e-child\" data-id=\"84e88c1\" data-element_type=\"container\" data-e-type=\"container\">\n\t\t\t\t\t<div class=\"e-con-inner\">\n\t\t\t\t<div class=\"elementor-element elementor-element-d83c840 elementor-widget elementor-widget-heading\" data-id=\"d83c840\" data-element_type=\"widget\" data-e-type=\"widget\" data-widget_type=\"heading.default\">\n\t\t\t\t<div class=\"elementor-widget-container\">\n\t\t\t\t\t<h2 class=\"elementor-heading-title elementor-size-default\"> Peggy AVELEZ \u2013 Primary School Director<\/h2>\t\t\t\t<\/div>\n\t\t\t\t<\/div>\n\t\t\t\t<div class=\"elementor-element elementor-element-7dad064 elementor-widget elementor-widget-text-editor\" data-id=\"7dad064\" data-element_type=\"widget\" data-e-type=\"widget\" data-widget_type=\"text-editor.default\">\n\t\t\t\t<div class=\"elementor-widget-container\">\n\t\t\t\t\t\t\t\t\t<p><span class=\"TextRun SCXP221869590 BCX8\" lang=\"FR-MA\" xml:lang=\"FR-MA\" data-usefontface=\"true\" data-contrast=\"none\"><span class=\"NormalTextRun SCXP221869590 BCX8\">Has led EFI\u2019s primary section for 3 years. Former primary school teacher and director for over 20 years <\/span><\/span><span class=\"TextRun SCXP221869590 BCX8\" lang=\"FR-MA\" xml:lang=\"FR-MA\" data-usefontface=\"true\" data-contrast=\"none\"><span class=\"NormalTextRun SCXP221869590 BCX8\">in France, Spain, and Chile. Also served as trainer and educational advisor.<\/span><\/span><span class=\"EOP SCXP221869590 BCX8\">\u200b<\/span><\/p>\t\t\t\t\t\t\t\t<\/div>\n\t\t\t\t<\/div>\n\t\t\t\t\t<\/div>\n\t\t\t\t<\/div>\n\t\t\t\t\t<\/div>\n\t\t\t\t<\/div>\n\t\t\t\t\t<\/div>\n\t\t\t\t<\/div>\n\t\t\t\t\t<\/div>\n\t\t\t\t<\/div>\n\t\t<div class=\"elementor-element elementor-element-8929e58 e-flex e-con-boxed e-con e-parent\" data-id=\"8929e58\" data-element_type=\"container\" data-e-type=\"container\" data-settings=\"{&quot;background_background&quot;:&quot;classic&quot;}\">\n\t\t\t\t\t<div class=\"e-con-inner\">\n\t\t<div class=\"elementor-element elementor-element-20fe822 e-flex e-con-boxed e-con e-child\" data-id=\"20fe822\" data-element_type=\"container\" data-e-type=\"container\">\n\t\t\t\t\t<div class=\"e-con-inner\">\n\t\t<div class=\"elementor-element elementor-element-1538ef7 e-flex e-con-boxed e-con e-child\" data-id=\"1538ef7\" data-element_type=\"container\" data-e-type=\"container\" data-settings=\"{&quot;background_background&quot;:&quot;classic&quot;}\">\n\t\t\t\t\t<div class=\"e-con-inner\">\n\t\t<div class=\"elementor-element elementor-element-45fbb4e e-con-full e-flex e-con e-child\" data-id=\"45fbb4e\" data-element_type=\"container\" data-e-type=\"container\">\n\t\t\t\t<div class=\"elementor-element elementor-element-8224772 elementor-widget elementor-widget-image\" data-id=\"8224772\" data-element_type=\"widget\" data-e-type=\"widget\" data-widget_type=\"image.default\">\n\t\t\t\t<div class=\"elementor-widget-container\">\n\t\t\t\t\t\t\t\t\t\t\t\t\t\t\t<img loading=\"lazy\" decoding=\"async\" width=\"768\" height=\"1024\" src=\"https:\/\/eficasablanca.org\/wp-content\/uploads\/2025\/09\/maud-768x1024.webp\" class=\"attachment-large size-large wp-image-11349\" alt=\"\" srcset=\"https:\/\/eficasablanca.org\/wp-content\/uploads\/2025\/09\/maud-768x1024.webp 768w, https:\/\/eficasablanca.org\/wp-content\/uploads\/2025\/09\/maud-225x300.webp 225w, https:\/\/eficasablanca.org\/wp-content\/uploads\/2025\/09\/maud-9x12.webp 9w, https:\/\/eficasablanca.org\/wp-content\/uploads\/2025\/09\/maud.webp 960w\" sizes=\"(max-width: 768px) 100vw, 768px\" \/>\t\t\t\t\t\t\t\t\t\t\t\t\t\t\t<\/div>\n\t\t\t\t<\/div>\n\t\t\t\t<\/div>\n\t\t<div class=\"elementor-element elementor-element-584416d e-flex e-con-boxed e-con e-child\" data-id=\"584416d\" data-element_type=\"container\" data-e-type=\"container\">\n\t\t\t\t\t<div class=\"e-con-inner\">\n\t\t\t\t<div class=\"elementor-element elementor-element-6c6cec8 elementor-widget elementor-widget-heading\" data-id=\"6c6cec8\" data-element_type=\"widget\" data-e-type=\"widget\" data-widget_type=\"heading.default\">\n\t\t\t\t<div class=\"elementor-widget-container\">\n\t\t\t\t\t<h2 class=\"elementor-heading-title elementor-size-default\">Maud DANIEL \u2013 Deputy Director for Primary Training &amp; Innovation<\/h2>\t\t\t\t<\/div>\n\t\t\t\t<\/div>\n\t\t\t\t<div class=\"elementor-element elementor-element-05ad3c6 elementor-widget elementor-widget-text-editor\" data-id=\"05ad3c6\" data-element_type=\"widget\" data-e-type=\"widget\" data-widget_type=\"text-editor.default\">\n\t\t\t\t<div class=\"elementor-widget-container\">\n\t\t\t\t\t\t\t\t\t<p><span class=\"TextRun SCXP161554463 BCX8\" lang=\"FR-MA\" xml:lang=\"FR-MA\" data-usefontface=\"true\" data-contrast=\"none\"><span class=\"NormalTextRun SCXP161554463 BCX8\">Teacher, trainer, and school leader in France, Indonesia, Malaysia, and Morocco since 2006. Joined EFI <\/span><\/span><span class=\"TextRun SCXP161554463 BCX8\" lang=\"FR-MA\" xml:lang=\"FR-MA\" data-usefontface=\"true\" data-contrast=\"none\"><span class=\"NormalTextRun SCXP161554463 BCX8\">Casablanca in September 2024.<\/span><\/span><span class=\"EOP SCXP161554463 BCX8\">\u200b<\/span><\/p>\t\t\t\t\t\t\t\t<\/div>\n\t\t\t\t<\/div>\n\t\t\t\t\t<\/div>\n\t\t\t\t<\/div>\n\t\t\t\t\t<\/div>\n\t\t\t\t<\/div>\n\t\t<div class=\"elementor-element elementor-element-fe0e132 e-flex e-con-boxed e-con e-child\" data-id=\"fe0e132\" data-element_type=\"container\" data-e-type=\"container\">\n\t\t\t\t\t<div class=\"e-con-inner\">\n\t\t\t\t\t<\/div>\n\t\t\t\t<\/div>\n\t\t\t\t\t<\/div>\n\t\t\t\t<\/div>\n\t\t\t\t\t<\/div>\n\t\t\t\t<\/div>\n\t\t\t\t<\/div>","protected":false},"excerpt":{"rendered":"<p>L&rsquo;\u00e9cole L\u2019EFI Casablanca a \u00e9t\u00e9 fond\u00e9e par des professionnels de l\u2019\u00e9ducation d\u00e9sireux de fonder une \u00e9cole fran\u00e7aise et internationale d\u2019excellence au Maroc.\u200b Luc CHATEL, Pr\u00e9sident Cofondateur du r\u00e9seau Odyssey Education et pr\u00e9sident de l\u2019EFI Casablanca, Luc Chatel est ancien Ministre de l\u2019Education Nationale en France, ancien d\u00e9put\u00e9 et Pr\u00e9sident du groupe d\u2019amiti\u00e9 France-Maroc \u00e0 l\u2019Assembl\u00e9e [&hellip;]<\/p>\n","protected":false},"author":1,"featured_media":0,"parent":0,"menu_order":0,"comment_status":"closed","ping_status":"closed","template":"elementor_theme","meta":{"_acf_changed":false,"footnotes":""},"class_list":["post-1074","page","type-page","status-publish","hentry"],"acf":[],"yoast_head":"<!-- This site is optimized with the Yoast SEO plugin v27.1.1 - https:\/\/yoast.com\/product\/yoast-seo-wordpress\/ -->\n<title>L&#039;\u00c9quipe - \u00c9cole Fran\u00e7aise Internationale de Casablanca<\/title>\n<meta name=\"description\" content=\"L&#039;\u00c9quipe : L&#039;\u00e9coleL\u2019EFI Casablanca a \u00e9t\u00e9 fond\u00e9e par des professionnels de l\u2019\u00e9ducation d\u00e9sireux de fonder une \u00e9cole fran\u00e7aise et internationale d\u2019excellence au\" \/>\n<meta name=\"robots\" content=\"index, follow, max-snippet:-1, max-image-preview:large, max-video-preview:-1\" \/>\n<link rel=\"canonical\" href=\"https:\/\/eficasablanca.org\/en\/efi-team\/\" \/>\n<meta property=\"og:locale\" content=\"en_US\" \/>\n<meta property=\"og:type\" content=\"article\" \/>\n<meta property=\"og:title\" content=\"L&#039;\u00c9quipe - \u00c9cole Fran\u00e7aise Internationale de Casablanca\" \/>\n<meta property=\"og:description\" content=\"L&#039;\u00c9quipe : L&#039;\u00e9coleL\u2019EFI Casablanca a \u00e9t\u00e9 fond\u00e9e par des professionnels de l\u2019\u00e9ducation d\u00e9sireux de fonder une \u00e9cole fran\u00e7aise et internationale d\u2019excellence au\" \/>\n<meta property=\"og:url\" content=\"https:\/\/eficasablanca.org\/en\/efi-team\/\" \/>\n<meta property=\"og:site_name\" content=\"\u00c9cole Fran\u00e7aise Internationale de Casablanca\" \/>\n<meta property=\"article:publisher\" content=\"https:\/\/www.facebook.com\/EFICasablanca\" \/>\n<meta property=\"article:modified_time\" content=\"2025-10-17T14:37:54+00:00\" \/>\n<meta property=\"og:image\" content=\"https:\/\/eficasablanca.org\/wp-content\/uploads\/2025\/09\/luc-chatel-768x1024.webp\" \/>\n<meta name=\"twitter:card\" content=\"summary_large_image\" \/>\n<meta name=\"twitter:label1\" content=\"Est. reading time\" \/>\n\t<meta name=\"twitter:data1\" content=\"4 minutes\" \/>\n<script type=\"application\/ld+json\" class=\"yoast-schema-graph\">{\"@context\":\"https:\/\/schema.org\",\"@graph\":[{\"@type\":\"WebPage\",\"@id\":\"https:\/\/eficasablanca.org\/equipe\/\",\"url\":\"https:\/\/eficasablanca.org\/equipe\/\",\"name\":\"L'\u00c9quipe - \u00c9cole Fran\u00e7aise Internationale de Casablanca\",\"isPartOf\":{\"@id\":\"https:\/\/eficasablanca.org\/#website\"},\"primaryImageOfPage\":{\"@id\":\"https:\/\/eficasablanca.org\/equipe\/#primaryimage\"},\"image\":{\"@id\":\"https:\/\/eficasablanca.org\/equipe\/#primaryimage\"},\"thumbnailUrl\":\"https:\/\/eficasablanca.org\/wp-content\/uploads\/2025\/09\/luc-chatel-768x1024.webp\",\"datePublished\":\"2022-12-27T23:34:25+00:00\",\"dateModified\":\"2025-10-17T14:37:54+00:00\",\"description\":\"L'\u00c9quipe : L'\u00e9coleL\u2019EFI Casablanca a \u00e9t\u00e9 fond\u00e9e par des professionnels de l\u2019\u00e9ducation d\u00e9sireux de fonder une \u00e9cole fran\u00e7aise et internationale d\u2019excellence au\",\"breadcrumb\":{\"@id\":\"https:\/\/eficasablanca.org\/equipe\/#breadcrumb\"},\"inLanguage\":\"en-US\",\"potentialAction\":[{\"@type\":\"ReadAction\",\"target\":[\"https:\/\/eficasablanca.org\/equipe\/\"]}]},{\"@type\":\"ImageObject\",\"inLanguage\":\"en-US\",\"@id\":\"https:\/\/eficasablanca.org\/equipe\/#primaryimage\",\"url\":\"https:\/\/eficasablanca.org\/wp-content\/uploads\/2025\/09\/luc-chatel-768x1024.webp\",\"contentUrl\":\"https:\/\/eficasablanca.org\/wp-content\/uploads\/2025\/09\/luc-chatel-768x1024.webp\"},{\"@type\":\"BreadcrumbList\",\"@id\":\"https:\/\/eficasablanca.org\/equipe\/#breadcrumb\",\"itemListElement\":[{\"@type\":\"ListItem\",\"position\":1,\"name\":\"Accueil\",\"item\":\"https:\/\/eficasablanca.org\/\"},{\"@type\":\"ListItem\",\"position\":2,\"name\":\"L&rsquo;\u00c9quipe\"}]},{\"@type\":\"WebSite\",\"@id\":\"https:\/\/eficasablanca.org\/#website\",\"url\":\"https:\/\/eficasablanca.org\/\",\"name\":\"\u00c9cole Fran\u00e7aise Internationale de Casablanca\",\"description\":\"L&#039;\u00c9cole Fran\u00e7aise Internationale\",\"publisher\":{\"@id\":\"https:\/\/eficasablanca.org\/#organization\"},\"potentialAction\":[{\"@type\":\"SearchAction\",\"target\":{\"@type\":\"EntryPoint\",\"urlTemplate\":\"https:\/\/eficasablanca.org\/?s={search_term_string}\"},\"query-input\":{\"@type\":\"PropertyValueSpecification\",\"valueRequired\":true,\"valueName\":\"search_term_string\"}}],\"inLanguage\":\"en-US\"},{\"@type\":\"Organization\",\"@id\":\"https:\/\/eficasablanca.org\/#organization\",\"name\":\"Ecole Fran\u00e7aise Internationale Casablanca\",\"url\":\"https:\/\/eficasablanca.org\/\",\"logo\":{\"@type\":\"ImageObject\",\"inLanguage\":\"en-US\",\"@id\":\"https:\/\/eficasablanca.org\/#\/schema\/logo\/image\/\",\"url\":\"https:\/\/eficasablanca.org\/wp-content\/uploads\/2022\/12\/Logo-EFI-DEF-1-1-02-1.webp\",\"contentUrl\":\"https:\/\/eficasablanca.org\/wp-content\/uploads\/2022\/12\/Logo-EFI-DEF-1-1-02-1.webp\",\"width\":644,\"height\":100,\"caption\":\"Ecole Fran\u00e7aise Internationale Casablanca\"},\"image\":{\"@id\":\"https:\/\/eficasablanca.org\/#\/schema\/logo\/image\/\"},\"sameAs\":[\"https:\/\/www.facebook.com\/EFICasablanca\",\"https:\/\/www.instagram.com\/efi_casablanca\/?hl=fr\",\"https:\/\/www.linkedin.com\/company\/efi-casablanca\/about\/?viewAsMember=true\"]}]}<\/script>\n<!-- \/ Yoast SEO plugin. -->","yoast_head_json":{"title":"L'\u00c9quipe - \u00c9cole Fran\u00e7aise Internationale de Casablanca","description":"L'\u00c9quipe : L'\u00e9coleL\u2019EFI Casablanca a \u00e9t\u00e9 fond\u00e9e par des professionnels de l\u2019\u00e9ducation d\u00e9sireux de fonder une \u00e9cole fran\u00e7aise et internationale d\u2019excellence au","robots":{"index":"index","follow":"follow","max-snippet":"max-snippet:-1","max-image-preview":"max-image-preview:large","max-video-preview":"max-video-preview:-1"},"canonical":"https:\/\/eficasablanca.org\/en\/efi-team\/","og_locale":"en_US","og_type":"article","og_title":"L'\u00c9quipe - \u00c9cole Fran\u00e7aise Internationale de Casablanca","og_description":"L'\u00c9quipe : L'\u00e9coleL\u2019EFI Casablanca a \u00e9t\u00e9 fond\u00e9e par des professionnels de l\u2019\u00e9ducation d\u00e9sireux de fonder une \u00e9cole fran\u00e7aise et internationale d\u2019excellence au","og_url":"https:\/\/eficasablanca.org\/en\/efi-team\/","og_site_name":"\u00c9cole Fran\u00e7aise Internationale de Casablanca","article_publisher":"https:\/\/www.facebook.com\/EFICasablanca","article_modified_time":"2025-10-17T14:37:54+00:00","og_image":[{"url":"https:\/\/eficasablanca.org\/wp-content\/uploads\/2025\/09\/luc-chatel-768x1024.webp","type":"","width":"","height":""}],"twitter_card":"summary_large_image","twitter_misc":{"Est. reading time":"4 minutes"},"schema":{"@context":"https:\/\/schema.org","@graph":[{"@type":"WebPage","@id":"https:\/\/eficasablanca.org\/equipe\/","url":"https:\/\/eficasablanca.org\/equipe\/","name":"L'\u00c9quipe - \u00c9cole Fran\u00e7aise Internationale de Casablanca","isPartOf":{"@id":"https:\/\/eficasablanca.org\/#website"},"primaryImageOfPage":{"@id":"https:\/\/eficasablanca.org\/equipe\/#primaryimage"},"image":{"@id":"https:\/\/eficasablanca.org\/equipe\/#primaryimage"},"thumbnailUrl":"https:\/\/eficasablanca.org\/wp-content\/uploads\/2025\/09\/luc-chatel-768x1024.webp","datePublished":"2022-12-27T23:34:25+00:00","dateModified":"2025-10-17T14:37:54+00:00","description":"L'\u00c9quipe : L'\u00e9coleL\u2019EFI Casablanca a \u00e9t\u00e9 fond\u00e9e par des professionnels de l\u2019\u00e9ducation d\u00e9sireux de fonder une \u00e9cole fran\u00e7aise et internationale d\u2019excellence au","breadcrumb":{"@id":"https:\/\/eficasablanca.org\/equipe\/#breadcrumb"},"inLanguage":"en-US","potentialAction":[{"@type":"ReadAction","target":["https:\/\/eficasablanca.org\/equipe\/"]}]},{"@type":"ImageObject","inLanguage":"en-US","@id":"https:\/\/eficasablanca.org\/equipe\/#primaryimage","url":"https:\/\/eficasablanca.org\/wp-content\/uploads\/2025\/09\/luc-chatel-768x1024.webp","contentUrl":"https:\/\/eficasablanca.org\/wp-content\/uploads\/2025\/09\/luc-chatel-768x1024.webp"},{"@type":"BreadcrumbList","@id":"https:\/\/eficasablanca.org\/equipe\/#breadcrumb","itemListElement":[{"@type":"ListItem","position":1,"name":"Accueil","item":"https:\/\/eficasablanca.org\/"},{"@type":"ListItem","position":2,"name":"L&rsquo;\u00c9quipe"}]},{"@type":"WebSite","@id":"https:\/\/eficasablanca.org\/#website","url":"https:\/\/eficasablanca.org\/","name":"Casablanca International French School","description":"L&#039;\u00c9cole Fran\u00e7aise Internationale","publisher":{"@id":"https:\/\/eficasablanca.org\/#organization"},"potentialAction":[{"@type":"SearchAction","target":{"@type":"EntryPoint","urlTemplate":"https:\/\/eficasablanca.org\/?s={search_term_string}"},"query-input":{"@type":"PropertyValueSpecification","valueRequired":true,"valueName":"search_term_string"}}],"inLanguage":"en-US"},{"@type":"Organization","@id":"https:\/\/eficasablanca.org\/#organization","name":"Ecole Fran\u00e7aise Internationale Casablanca","url":"https:\/\/eficasablanca.org\/","logo":{"@type":"ImageObject","inLanguage":"en-US","@id":"https:\/\/eficasablanca.org\/#\/schema\/logo\/image\/","url":"https:\/\/eficasablanca.org\/wp-content\/uploads\/2022\/12\/Logo-EFI-DEF-1-1-02-1.webp","contentUrl":"https:\/\/eficasablanca.org\/wp-content\/uploads\/2022\/12\/Logo-EFI-DEF-1-1-02-1.webp","width":644,"height":100,"caption":"Ecole Fran\u00e7aise Internationale Casablanca"},"image":{"@id":"https:\/\/eficasablanca.org\/#\/schema\/logo\/image\/"},"sameAs":["https:\/\/www.facebook.com\/EFICasablanca","https:\/\/www.instagram.com\/efi_casablanca\/?hl=fr","https:\/\/www.linkedin.com\/company\/efi-casablanca\/about\/?viewAsMember=true"]}]}},"_links":{"self":[{"href":"https:\/\/eficasablanca.org\/en\/wp-json\/wp\/v2\/pages\/1074","targetHints":{"allow":["GET"]}}],"collection":[{"href":"https:\/\/eficasablanca.org\/en\/wp-json\/wp\/v2\/pages"}],"about":[{"href":"https:\/\/eficasablanca.org\/en\/wp-json\/wp\/v2\/types\/page"}],"author":[{"embeddable":true,"href":"https:\/\/eficasablanca.org\/en\/wp-json\/wp\/v2\/users\/1"}],"replies":[{"embeddable":true,"href":"https:\/\/eficasablanca.org\/en\/wp-json\/wp\/v2\/comments?post=1074"}],"version-history":[{"count":219,"href":"https:\/\/eficasablanca.org\/en\/wp-json\/wp\/v2\/pages\/1074\/revisions"}],"predecessor-version":[{"id":11757,"href":"https:\/\/eficasablanca.org\/en\/wp-json\/wp\/v2\/pages\/1074\/revisions\/11757"}],"wp:attachment":[{"href":"https:\/\/eficasablanca.org\/en\/wp-json\/wp\/v2\/media?parent=1074"}],"curies":[{"name":"wp","href":"https:\/\/api.w.org\/{rel}","templated":true}]}}