{"id":1652,"date":"2023-01-09T17:09:16","date_gmt":"2023-01-09T16:09:16","guid":{"rendered":"https:\/\/eficasablanca.org\/?page_id=1652"},"modified":"2023-05-25T12:25:10","modified_gmt":"2023-05-25T10:25:10","slug":"culturel","status":"publish","type":"page","link":"https:\/\/eficasablanca.org\/en\/culturel\/","title":{"rendered":"A path towards cultural and artistic discovery"},"content":{"rendered":"<div data-elementor-type=\"wp-page\" data-elementor-id=\"1652\" class=\"elementor elementor-1652\" data-elementor-post-type=\"page\">\n\t\t\t\t\t\t<section class=\"elementor-section elementor-top-section elementor-element elementor-element-bbc9001 elementor-section-height-min-height elementor-section-boxed elementor-section-height-default elementor-section-items-middle\" data-id=\"bbc9001\" data-element_type=\"section\" data-e-type=\"section\" data-settings=\"{&quot;background_background&quot;:&quot;classic&quot;}\">\n\t\t\t\t\t\t\t<div class=\"elementor-background-overlay\"><\/div>\n\t\t\t\t\t\t\t<div class=\"elementor-container elementor-column-gap-default\">\n\t\t\t\t\t<div class=\"elementor-column elementor-col-100 elementor-top-column elementor-element elementor-element-4e2fe322\" data-id=\"4e2fe322\" data-element_type=\"column\" data-e-type=\"column\">\n\t\t\t<div class=\"elementor-widget-wrap elementor-element-populated\">\n\t\t\t\t\t\t<div class=\"elementor-element elementor-element-2af0234 elementor-widget elementor-widget-text-editor\" data-id=\"2af0234\" data-element_type=\"widget\" data-e-type=\"widget\" data-widget_type=\"text-editor.default\">\n\t\t\t\t<div class=\"elementor-widget-container\">\n\t\t\t\t\t\t\t\t\tPersonal development\t\t\t\t\t\t\t\t<\/div>\n\t\t\t\t<\/div>\n\t\t\t\t<div class=\"elementor-element elementor-element-26f0f9a9 elementor-widget elementor-widget-heading\" data-id=\"26f0f9a9\" data-element_type=\"widget\" data-e-type=\"widget\" data-widget_type=\"heading.default\">\n\t\t\t\t<div class=\"elementor-widget-container\">\n\t\t\t\t\t<h1 class=\"elementor-heading-title elementor-size-default\">A path towards cultural and artistic discovery<\/h1>\t\t\t\t<\/div>\n\t\t\t\t<\/div>\n\t\t\t\t\t<\/div>\n\t\t<\/div>\n\t\t\t\t\t<\/div>\n\t\t<\/section>\n\t\t\t\t<section class=\"elementor-section elementor-top-section elementor-element elementor-element-32d7689 elementor-section-boxed elementor-section-height-default elementor-section-height-default\" data-id=\"32d7689\" data-element_type=\"section\" data-e-type=\"section\" data-settings=\"{&quot;background_background&quot;:&quot;classic&quot;}\">\n\t\t\t\t\t\t<div class=\"elementor-container elementor-column-gap-default\">\n\t\t\t\t\t<div class=\"elementor-column elementor-col-100 elementor-top-column elementor-element elementor-element-5f6cd30\" data-id=\"5f6cd30\" data-element_type=\"column\" data-e-type=\"column\">\n\t\t\t<div class=\"elementor-widget-wrap elementor-element-populated\">\n\t\t\t\t\t\t<div class=\"elementor-element elementor-element-efba4fb elementor-widget elementor-widget-text-editor\" data-id=\"efba4fb\" data-element_type=\"widget\" data-e-type=\"widget\" data-widget_type=\"text-editor.default\">\n\t\t\t\t<div class=\"elementor-widget-container\">\n\t\t\t\t\t\t\t\t\t<p>Because we award a key place to our students' personal development, we have devised for them a Path of Cultural discovery that extends from kindergarten through high school, a coherent path of evolution and self-expression that will lead beyond the purely academic and will open them up to the world. This Cultural path has also been put in place because we are convinced that inciting our students to be curious, relative and engaged is to provide them with a considerable head state in their higher studies and their future adult lives. If this Cultural path expresses itself firstly through our academic curriculum, it gores far beyond, as is expressed by numerous extracurricular projects structured around art and culture.<\/p>\t\t\t\t\t\t\t\t<\/div>\n\t\t\t\t<\/div>\n\t\t\t\t\t<\/div>\n\t\t<\/div>\n\t\t\t\t\t<\/div>\n\t\t<\/section>\n\t\t\t\t<section class=\"elementor-section elementor-top-section elementor-element elementor-element-d358f6a elementor-section-boxed elementor-section-height-default elementor-section-height-default\" data-id=\"d358f6a\" data-element_type=\"section\" data-e-type=\"section\">\n\t\t\t\t\t\t<div class=\"elementor-container elementor-column-gap-default\">\n\t\t\t\t\t<div class=\"elementor-column elementor-col-50 elementor-top-column elementor-element elementor-element-38e3a49\" data-id=\"38e3a49\" data-element_type=\"column\" data-e-type=\"column\">\n\t\t\t<div class=\"elementor-widget-wrap elementor-element-populated\">\n\t\t\t\t\t\t<div class=\"elementor-element elementor-element-06c2938 elementor-widget elementor-widget-text-editor\" data-id=\"06c2938\" data-element_type=\"widget\" data-e-type=\"widget\" data-widget_type=\"text-editor.default\">\n\t\t\t\t<div class=\"elementor-widget-container\">\n\t\t\t\t\t\t\t\t\t<p>Students' cultural openness passes namely through:<\/p>\t\t\t\t\t\t\t\t<\/div>\n\t\t\t\t<\/div>\n\t\t\t\t<div class=\"elementor-element elementor-element-5772af3 elementor-hidden-desktop elementor-widget elementor-widget-image\" data-id=\"5772af3\" data-element_type=\"widget\" data-e-type=\"widget\" data-widget_type=\"image.default\">\n\t\t\t\t<div class=\"elementor-widget-container\">\n\t\t\t\t\t\t\t\t\t\t\t\t\t\t\t<img fetchpriority=\"high\" decoding=\"async\" width=\"800\" height=\"596\" src=\"https:\/\/eficasablanca.org\/wp-content\/uploads\/2023\/01\/art-1024x763.webp\" class=\"attachment-large size-large wp-image-1660\" alt=\"\" srcset=\"https:\/\/eficasablanca.org\/wp-content\/uploads\/2023\/01\/art-1024x763.webp 1024w, https:\/\/eficasablanca.org\/wp-content\/uploads\/2023\/01\/art-300x223.webp 300w, https:\/\/eficasablanca.org\/wp-content\/uploads\/2023\/01\/art-768x572.webp 768w, https:\/\/eficasablanca.org\/wp-content\/uploads\/2023\/01\/art-16x12.webp 16w, https:\/\/eficasablanca.org\/wp-content\/uploads\/2023\/01\/art-600x447.webp 600w, https:\/\/eficasablanca.org\/wp-content\/uploads\/2023\/01\/art.webp 1074w\" sizes=\"(max-width: 800px) 100vw, 800px\" \/>\t\t\t\t\t\t\t\t\t\t\t\t\t\t\t<\/div>\n\t\t\t\t<\/div>\n\t\t\t\t<div class=\"elementor-element elementor-element-56817e0 elementor-icon-list--layout-traditional elementor-list-item-link-full_width elementor-widget elementor-widget-icon-list\" data-id=\"56817e0\" data-element_type=\"widget\" data-e-type=\"widget\" data-widget_type=\"icon-list.default\">\n\t\t\t\t<div class=\"elementor-widget-container\">\n\t\t\t\t\t\t\t<ul class=\"elementor-icon-list-items\">\n\t\t\t\t\t\t\t<li class=\"elementor-icon-list-item\">\n\t\t\t\t\t\t\t\t\t\t\t<span class=\"elementor-icon-list-icon\">\n\t\t\t\t\t\t\t<i aria-hidden=\"true\" class=\"fas fa-check\"><\/i>\t\t\t\t\t\t<\/span>\n\t\t\t\t\t\t\t\t\t\t<span class=\"elementor-icon-list-text\">the discovery of the arts and individual artistic sensibility;<\/span>\n\t\t\t\t\t\t\t\t\t<\/li>\n\t\t\t\t\t\t\t\t<li class=\"elementor-icon-list-item\">\n\t\t\t\t\t\t\t\t\t\t\t<span class=\"elementor-icon-list-icon\">\n\t\t\t\t\t\t\t<i aria-hidden=\"true\" class=\"fas fa-check\"><\/i>\t\t\t\t\t\t<\/span>\n\t\t\t\t\t\t\t\t\t\t<span class=\"elementor-icon-list-text\">knowledge and awareness;<\/span>\n\t\t\t\t\t\t\t\t\t<\/li>\n\t\t\t\t\t\t\t\t<li class=\"elementor-icon-list-item\">\n\t\t\t\t\t\t\t\t\t\t\t<span class=\"elementor-icon-list-icon\">\n\t\t\t\t\t\t\t<i aria-hidden=\"true\" class=\"fas fa-check\"><\/i>\t\t\t\t\t\t<\/span>\n\t\t\t\t\t\t\t\t\t\t<span class=\"elementor-icon-list-text\">comprehension and fine arts;<\/span>\n\t\t\t\t\t\t\t\t\t<\/li>\n\t\t\t\t\t\t\t\t<li class=\"elementor-icon-list-item\">\n\t\t\t\t\t\t\t\t\t\t\t<span class=\"elementor-icon-list-icon\">\n\t\t\t\t\t\t\t<i aria-hidden=\"true\" class=\"fas fa-check\"><\/i>\t\t\t\t\t\t<\/span>\n\t\t\t\t\t\t\t\t\t\t<span class=\"elementor-icon-list-text\">Scientific literacy;<\/span>\n\t\t\t\t\t\t\t\t\t<\/li>\n\t\t\t\t\t\t\t\t<li class=\"elementor-icon-list-item\">\n\t\t\t\t\t\t\t\t\t\t\t<span class=\"elementor-icon-list-icon\">\n\t\t\t\t\t\t\t<i aria-hidden=\"true\" class=\"fas fa-check\"><\/i>\t\t\t\t\t\t<\/span>\n\t\t\t\t\t\t\t\t\t\t<span class=\"elementor-icon-list-text\">the discover of the principle sites of historic, artistic, and cultural importance;<\/span>\n\t\t\t\t\t\t\t\t\t<\/li>\n\t\t\t\t\t\t\t\t<li class=\"elementor-icon-list-item\">\n\t\t\t\t\t\t\t\t\t\t\t<span class=\"elementor-icon-list-icon\">\n\t\t\t\t\t\t\t<i aria-hidden=\"true\" class=\"fas fa-check\"><\/i>\t\t\t\t\t\t<\/span>\n\t\t\t\t\t\t\t\t\t\t<span class=\"elementor-icon-list-text\">openness to foreign cultures, from traditions of the world to the history of religions.<\/span>\n\t\t\t\t\t\t\t\t\t<\/li>\n\t\t\t\t\t\t<\/ul>\n\t\t\t\t\t\t<\/div>\n\t\t\t\t<\/div>\n\t\t\t\t\t<\/div>\n\t\t<\/div>\n\t\t\t\t<div class=\"elementor-column elementor-col-50 elementor-top-column elementor-element elementor-element-850eff6\" data-id=\"850eff6\" data-element_type=\"column\" data-e-type=\"column\" data-settings=\"{&quot;background_background&quot;:&quot;classic&quot;}\">\n\t\t\t<div class=\"elementor-widget-wrap elementor-element-populated\">\n\t\t\t\t\t\t<div class=\"elementor-element elementor-element-688edbb elementor-hidden-tablet elementor-hidden-mobile elementor-invisible elementor-widget elementor-widget-image\" data-id=\"688edbb\" data-element_type=\"widget\" data-e-type=\"widget\" data-settings=\"{&quot;_animation&quot;:&quot;fadeInRight&quot;}\" data-widget_type=\"image.default\">\n\t\t\t\t<div class=\"elementor-widget-container\">\n\t\t\t\t\t\t\t\t\t\t\t\t\t\t\t<img fetchpriority=\"high\" decoding=\"async\" width=\"800\" height=\"596\" src=\"https:\/\/eficasablanca.org\/wp-content\/uploads\/2023\/01\/art-1024x763.webp\" class=\"attachment-large size-large wp-image-1660\" alt=\"\" srcset=\"https:\/\/eficasablanca.org\/wp-content\/uploads\/2023\/01\/art-1024x763.webp 1024w, https:\/\/eficasablanca.org\/wp-content\/uploads\/2023\/01\/art-300x223.webp 300w, https:\/\/eficasablanca.org\/wp-content\/uploads\/2023\/01\/art-768x572.webp 768w, https:\/\/eficasablanca.org\/wp-content\/uploads\/2023\/01\/art-16x12.webp 16w, https:\/\/eficasablanca.org\/wp-content\/uploads\/2023\/01\/art-600x447.webp 600w, https:\/\/eficasablanca.org\/wp-content\/uploads\/2023\/01\/art.webp 1074w\" sizes=\"(max-width: 800px) 100vw, 800px\" \/>\t\t\t\t\t\t\t\t\t\t\t\t\t\t\t<\/div>\n\t\t\t\t<\/div>\n\t\t\t\t\t<\/div>\n\t\t<\/div>\n\t\t\t\t\t<\/div>\n\t\t<\/section>\n\t\t\t\t<\/div>","protected":false},"excerpt":{"rendered":"<p>D\u00e9veloppement personnel Parce que nous accordons une place essentielle au d\u00e9veloppement personnel de nos \u00e9l\u00e8ves, nous leur avons con\u00e7u un Parcours Culturel qui s&rsquo;\u00e9tend de la maternelle au lyc\u00e9e, un parcours coh\u00e9rent pour qu&rsquo;ils s&rsquo;\u00e9panouissent au-del\u00e0 de la dimension purement scolaire et s&rsquo;ouvrent sur le monde. Ce Parcours Culturel a \u00e9galement \u00e9t\u00e9 mis en place [&hellip;]<\/p>\n","protected":false},"author":1,"featured_media":0,"parent":0,"menu_order":0,"comment_status":"closed","ping_status":"closed","template":"","meta":{"_acf_changed":false,"footnotes":""},"class_list":["post-1652","page","type-page","status-publish","hentry"],"acf":[],"yoast_head":"<!-- This site is optimized with the Yoast SEO plugin v27.1.1 - https:\/\/yoast.com\/product\/yoast-seo-wordpress\/ -->\n<title>Parcours culturel et artistique - \u00c9cole Fran\u00e7aise Internationale de Casablanca<\/title>\n<meta name=\"description\" content=\"Parcours culturel et artistique : D\u00e9veloppement personnelParce que nous accordons une place essentielle au d\u00e9veloppement personnel de nos \u00e9l\u00e8ves, nous leur avons con\u00e7u un Parcours Culturel\" \/>\n<meta name=\"robots\" content=\"index, follow, max-snippet:-1, max-image-preview:large, max-video-preview:-1\" \/>\n<link rel=\"canonical\" href=\"https:\/\/eficasablanca.org\/en\/culturel\/\" \/>\n<meta property=\"og:locale\" content=\"en_US\" \/>\n<meta property=\"og:type\" content=\"article\" \/>\n<meta property=\"og:title\" content=\"Parcours culturel et artistique - \u00c9cole Fran\u00e7aise Internationale de Casablanca\" \/>\n<meta property=\"og:description\" content=\"Parcours culturel et artistique : D\u00e9veloppement personnelParce que nous accordons une place essentielle au d\u00e9veloppement personnel de nos \u00e9l\u00e8ves, nous leur avons con\u00e7u un Parcours Culturel\" \/>\n<meta property=\"og:url\" content=\"https:\/\/eficasablanca.org\/en\/culturel\/\" \/>\n<meta property=\"og:site_name\" content=\"\u00c9cole Fran\u00e7aise Internationale de Casablanca\" \/>\n<meta property=\"article:publisher\" content=\"https:\/\/www.facebook.com\/EFICasablanca\" \/>\n<meta property=\"article:modified_time\" content=\"2023-05-25T10:25:10+00:00\" \/>\n<meta property=\"og:image\" content=\"https:\/\/eficasablanca.org\/wp-content\/uploads\/2023\/01\/art-1024x763.webp\" \/>\n<meta name=\"twitter:card\" content=\"summary_large_image\" \/>\n<meta name=\"twitter:label1\" content=\"Est. reading time\" \/>\n\t<meta name=\"twitter:data1\" content=\"1 minute\" \/>\n<script type=\"application\/ld+json\" class=\"yoast-schema-graph\">{\"@context\":\"https:\/\/schema.org\",\"@graph\":[{\"@type\":\"WebPage\",\"@id\":\"https:\/\/eficasablanca.org\/culturel\/\",\"url\":\"https:\/\/eficasablanca.org\/culturel\/\",\"name\":\"Parcours culturel et artistique - \u00c9cole Fran\u00e7aise Internationale de Casablanca\",\"isPartOf\":{\"@id\":\"https:\/\/eficasablanca.org\/#website\"},\"primaryImageOfPage\":{\"@id\":\"https:\/\/eficasablanca.org\/culturel\/#primaryimage\"},\"image\":{\"@id\":\"https:\/\/eficasablanca.org\/culturel\/#primaryimage\"},\"thumbnailUrl\":\"https:\/\/eficasablanca.org\/wp-content\/uploads\/2023\/01\/art-1024x763.webp\",\"datePublished\":\"2023-01-09T16:09:16+00:00\",\"dateModified\":\"2023-05-25T10:25:10+00:00\",\"description\":\"Parcours culturel et artistique : D\u00e9veloppement personnelParce que nous accordons une place essentielle au d\u00e9veloppement personnel de nos \u00e9l\u00e8ves, nous leur avons con\u00e7u un Parcours Culturel\",\"breadcrumb\":{\"@id\":\"https:\/\/eficasablanca.org\/culturel\/#breadcrumb\"},\"inLanguage\":\"en-US\",\"potentialAction\":[{\"@type\":\"ReadAction\",\"target\":[\"https:\/\/eficasablanca.org\/culturel\/\"]}]},{\"@type\":\"ImageObject\",\"inLanguage\":\"en-US\",\"@id\":\"https:\/\/eficasablanca.org\/culturel\/#primaryimage\",\"url\":\"https:\/\/eficasablanca.org\/wp-content\/uploads\/2023\/01\/art-1024x763.webp\",\"contentUrl\":\"https:\/\/eficasablanca.org\/wp-content\/uploads\/2023\/01\/art-1024x763.webp\"},{\"@type\":\"BreadcrumbList\",\"@id\":\"https:\/\/eficasablanca.org\/culturel\/#breadcrumb\",\"itemListElement\":[{\"@type\":\"ListItem\",\"position\":1,\"name\":\"Accueil\",\"item\":\"https:\/\/eficasablanca.org\/\"},{\"@type\":\"ListItem\",\"position\":2,\"name\":\"Parcours culturel et artistique\"}]},{\"@type\":\"WebSite\",\"@id\":\"https:\/\/eficasablanca.org\/#website\",\"url\":\"https:\/\/eficasablanca.org\/\",\"name\":\"\u00c9cole Fran\u00e7aise Internationale de Casablanca\",\"description\":\"L&#039;\u00c9cole Fran\u00e7aise Internationale\",\"publisher\":{\"@id\":\"https:\/\/eficasablanca.org\/#organization\"},\"potentialAction\":[{\"@type\":\"SearchAction\",\"target\":{\"@type\":\"EntryPoint\",\"urlTemplate\":\"https:\/\/eficasablanca.org\/?s={search_term_string}\"},\"query-input\":{\"@type\":\"PropertyValueSpecification\",\"valueRequired\":true,\"valueName\":\"search_term_string\"}}],\"inLanguage\":\"en-US\"},{\"@type\":\"Organization\",\"@id\":\"https:\/\/eficasablanca.org\/#organization\",\"name\":\"Ecole Fran\u00e7aise Internationale Casablanca\",\"url\":\"https:\/\/eficasablanca.org\/\",\"logo\":{\"@type\":\"ImageObject\",\"inLanguage\":\"en-US\",\"@id\":\"https:\/\/eficasablanca.org\/#\/schema\/logo\/image\/\",\"url\":\"https:\/\/eficasablanca.org\/wp-content\/uploads\/2022\/12\/Logo-EFI-DEF-1-1-02-1.webp\",\"contentUrl\":\"https:\/\/eficasablanca.org\/wp-content\/uploads\/2022\/12\/Logo-EFI-DEF-1-1-02-1.webp\",\"width\":644,\"height\":100,\"caption\":\"Ecole Fran\u00e7aise Internationale Casablanca\"},\"image\":{\"@id\":\"https:\/\/eficasablanca.org\/#\/schema\/logo\/image\/\"},\"sameAs\":[\"https:\/\/www.facebook.com\/EFICasablanca\",\"https:\/\/www.instagram.com\/efi_casablanca\/?hl=fr\",\"https:\/\/www.linkedin.com\/company\/efi-casablanca\/about\/?viewAsMember=true\"]}]}<\/script>\n<!-- \/ Yoast SEO plugin. -->","yoast_head_json":{"title":"Parcours culturel et artistique - \u00c9cole Fran\u00e7aise Internationale de Casablanca","description":"Parcours culturel et artistique : D\u00e9veloppement personnelParce que nous accordons une place essentielle au d\u00e9veloppement personnel de nos \u00e9l\u00e8ves, nous leur avons con\u00e7u un Parcours Culturel","robots":{"index":"index","follow":"follow","max-snippet":"max-snippet:-1","max-image-preview":"max-image-preview:large","max-video-preview":"max-video-preview:-1"},"canonical":"https:\/\/eficasablanca.org\/en\/culturel\/","og_locale":"en_US","og_type":"article","og_title":"Parcours culturel et artistique - \u00c9cole Fran\u00e7aise Internationale de Casablanca","og_description":"Parcours culturel et artistique : D\u00e9veloppement personnelParce que nous accordons une place essentielle au d\u00e9veloppement personnel de nos \u00e9l\u00e8ves, nous leur avons con\u00e7u un Parcours Culturel","og_url":"https:\/\/eficasablanca.org\/en\/culturel\/","og_site_name":"\u00c9cole Fran\u00e7aise Internationale de Casablanca","article_publisher":"https:\/\/www.facebook.com\/EFICasablanca","article_modified_time":"2023-05-25T10:25:10+00:00","og_image":[{"url":"https:\/\/eficasablanca.org\/wp-content\/uploads\/2023\/01\/art-1024x763.webp","type":"","width":"","height":""}],"twitter_card":"summary_large_image","twitter_misc":{"Est. reading time":"1 minute"},"schema":{"@context":"https:\/\/schema.org","@graph":[{"@type":"WebPage","@id":"https:\/\/eficasablanca.org\/culturel\/","url":"https:\/\/eficasablanca.org\/culturel\/","name":"Parcours culturel et artistique - \u00c9cole Fran\u00e7aise Internationale de Casablanca","isPartOf":{"@id":"https:\/\/eficasablanca.org\/#website"},"primaryImageOfPage":{"@id":"https:\/\/eficasablanca.org\/culturel\/#primaryimage"},"image":{"@id":"https:\/\/eficasablanca.org\/culturel\/#primaryimage"},"thumbnailUrl":"https:\/\/eficasablanca.org\/wp-content\/uploads\/2023\/01\/art-1024x763.webp","datePublished":"2023-01-09T16:09:16+00:00","dateModified":"2023-05-25T10:25:10+00:00","description":"Parcours culturel et artistique : D\u00e9veloppement personnelParce que nous accordons une place essentielle au d\u00e9veloppement personnel de nos \u00e9l\u00e8ves, nous leur avons con\u00e7u un Parcours Culturel","breadcrumb":{"@id":"https:\/\/eficasablanca.org\/culturel\/#breadcrumb"},"inLanguage":"en-US","potentialAction":[{"@type":"ReadAction","target":["https:\/\/eficasablanca.org\/culturel\/"]}]},{"@type":"ImageObject","inLanguage":"en-US","@id":"https:\/\/eficasablanca.org\/culturel\/#primaryimage","url":"https:\/\/eficasablanca.org\/wp-content\/uploads\/2023\/01\/art-1024x763.webp","contentUrl":"https:\/\/eficasablanca.org\/wp-content\/uploads\/2023\/01\/art-1024x763.webp"},{"@type":"BreadcrumbList","@id":"https:\/\/eficasablanca.org\/culturel\/#breadcrumb","itemListElement":[{"@type":"ListItem","position":1,"name":"Accueil","item":"https:\/\/eficasablanca.org\/"},{"@type":"ListItem","position":2,"name":"Parcours culturel et artistique"}]},{"@type":"WebSite","@id":"https:\/\/eficasablanca.org\/#website","url":"https:\/\/eficasablanca.org\/","name":"Casablanca International French School","description":"L&#039;\u00c9cole Fran\u00e7aise Internationale","publisher":{"@id":"https:\/\/eficasablanca.org\/#organization"},"potentialAction":[{"@type":"SearchAction","target":{"@type":"EntryPoint","urlTemplate":"https:\/\/eficasablanca.org\/?s={search_term_string}"},"query-input":{"@type":"PropertyValueSpecification","valueRequired":true,"valueName":"search_term_string"}}],"inLanguage":"en-US"},{"@type":"Organization","@id":"https:\/\/eficasablanca.org\/#organization","name":"Ecole Fran\u00e7aise Internationale Casablanca","url":"https:\/\/eficasablanca.org\/","logo":{"@type":"ImageObject","inLanguage":"en-US","@id":"https:\/\/eficasablanca.org\/#\/schema\/logo\/image\/","url":"https:\/\/eficasablanca.org\/wp-content\/uploads\/2022\/12\/Logo-EFI-DEF-1-1-02-1.webp","contentUrl":"https:\/\/eficasablanca.org\/wp-content\/uploads\/2022\/12\/Logo-EFI-DEF-1-1-02-1.webp","width":644,"height":100,"caption":"Ecole Fran\u00e7aise Internationale Casablanca"},"image":{"@id":"https:\/\/eficasablanca.org\/#\/schema\/logo\/image\/"},"sameAs":["https:\/\/www.facebook.com\/EFICasablanca","https:\/\/www.instagram.com\/efi_casablanca\/?hl=fr","https:\/\/www.linkedin.com\/company\/efi-casablanca\/about\/?viewAsMember=true"]}]}},"_links":{"self":[{"href":"https:\/\/eficasablanca.org\/en\/wp-json\/wp\/v2\/pages\/1652","targetHints":{"allow":["GET"]}}],"collection":[{"href":"https:\/\/eficasablanca.org\/en\/wp-json\/wp\/v2\/pages"}],"about":[{"href":"https:\/\/eficasablanca.org\/en\/wp-json\/wp\/v2\/types\/page"}],"author":[{"embeddable":true,"href":"https:\/\/eficasablanca.org\/en\/wp-json\/wp\/v2\/users\/1"}],"replies":[{"embeddable":true,"href":"https:\/\/eficasablanca.org\/en\/wp-json\/wp\/v2\/comments?post=1652"}],"version-history":[{"count":22,"href":"https:\/\/eficasablanca.org\/en\/wp-json\/wp\/v2\/pages\/1652\/revisions"}],"predecessor-version":[{"id":5214,"href":"https:\/\/eficasablanca.org\/en\/wp-json\/wp\/v2\/pages\/1652\/revisions\/5214"}],"wp:attachment":[{"href":"https:\/\/eficasablanca.org\/en\/wp-json\/wp\/v2\/media?parent=1652"}],"curies":[{"name":"wp","href":"https:\/\/api.w.org\/{rel}","templated":true}]}}